{"id":52381,"date":"2026-09-02T17:30:47","date_gmt":"2026-09-02T15:30:47","guid":{"rendered":"https:\/\/www.urbanpresents.net\/?post_type=mec-events&#038;p=52381"},"modified":"2026-09-02T17:30:47","modified_gmt":"2026-09-02T15:30:47","slug":"planned-for-demolition-ii-group-exhibition","status":"publish","type":"mec-events","link":"https:\/\/www.urbanpresents.net\/en\/events\/planned-for-demolition-ii-group-exhibition\/","title":{"rendered":"Planned for Demolition II \u2014 Group Exhibition"},"content":{"rendered":"<h2>Planned for Demolition II<\/h2>\n<p>A moment in the cycle of destruction and creation. For the second edition of Planned for Demolition, presented by WALLIN&#8217;, the former Van Laere industrial site becomes a temporary playground for artists from all over. A former office building and production site are being given a final purpose before redevelopment: the vacant buildings transform into a temporary creative free space, with offices, warehouses and empty walls turned into spaces for new murals, paintings, sculptures and installations, all created on site. One building, over 90 artists, one final chapter before demolition.<\/p>\n<h2>Artists<\/h2>\n<p>0_______o_, A2Salab, Alfred Zewip, Amose, Ase Torralba, Autone, Awer Art, Ben Hendlisz, Carlos Spogo, Cl\u00e9mant Plastic, Colin JC, Concrete Cirkle, Dake25, Damien Mauro, Daniel Resendiz, Darry Perrier, Deaf Point, Dear Lozanda, Diego Vincente, Digii5, Dimscap, Dr CLRK, Dr Wong, Drili, Dutku Gektokia, Eiros, Elisa Veronelli, Escobar Mercahn Juan Carlos, Esk Reyn, Eve.B, Everytag Counts, EyesB, Ferdi, Gerbos Mad City, gob.R, Heimprofi, Hello Haters \/ Gaetan, Herman Van Snick, HMX, H.Skulls, Ian Skirvin, IOTA, Jashja, Jean Valjoint, Kai Semor, Loup Bellem, Magnus Mori, Maite Van Poucke, Marek Kemse, Matthew Fortrose, Micha De Bie, Michiel Kauw-A-Tjoe, Nanne, Nature Peinture, Nestor Esto, Nikoleta, Nuisible, Obitbol, Ohplinio, Ollio, OneBran, Ordinario, Otner, Palo, Patrick Croes, Paul Toussaint, Phylos Donkertino, Pierre Olson, Pref, Proembrion, Qui Fait Quoi, Reaphe, Regis Siger, Riq, Roubens, Sadrzajiforma, Sam Scarpulla, Seb Humpreys, S\u00e9bastien Theys, Seppe Demeyere, Simon Mannaerts, Stoog Lastplak, Studio Kleurkaas, Studio Koevoet, Supasonicsare, Unir One, Wenc, Wrok Dal, Xemsy, Yannick STK, Yves Gallard, Zero Drome<\/p>\n<h2>Opening hours<\/h2>\n<p>1\u20134 October 2026<\/p>\n<h2>Location<\/h2>\n<p>Antwerpsesteenweg 320<br \/>\n2070 Zwijndrecht, Belgium<\/p>\n","protected":false},"excerpt":{"rendered":"<p>Planned for Demolition II A moment in the cycle of destruction and creation. For the second edition of Planned for Demolition, presented by WALLIN&#8217;, the former Van Laere industrial site becomes a temporary playground for artists from all over. A former office building and production site are being given a final purpose before redevelopment: the [&hellip;]<\/p>\n","protected":false},"author":1,"featured_media":52382,"comment_status":"open","ping_status":"closed","template":"","tags":[],"mec_category":[3900],"class_list":["post-52381","mec-events","type-mec-events","status-publish","has-post-thumbnail","hentry","mec_category-exhibition-event"],"acf":[],"aioseo_notices":[],"aioseo_head":"\n\t\t<!-- All in One SEO Pro 5.0.1.1 - aioseo.com -->\n\t<meta name=\"description\" content=\"Planned for Demolition II A moment in the cycle of destruction and creation. For the second edition of Planned for Demolition, presented by WALLIN&#039;, the former Van Laere industrial site becomes a temporary playground for artists from all over. A former office building and production site are being given a final purpose before redevelopment: the\" \/>\n\t<meta name=\"robots\" content=\"max-image-preview:large\" \/>\n\t<meta name=\"author\" content=\"Bart Van Kersavond\"\/>\n\t<link rel=\"canonical\" href=\"https:\/\/www.urbanpresents.net\/en\/events\/planned-for-demolition-ii-group-exhibition\/\" \/>\n\t<meta name=\"generator\" content=\"All in One SEO Pro (AIOSEO) 5.0.1.1\" \/>\n\t\t<meta property=\"og:locale\" content=\"en_GB\" \/>\n\t\t<meta property=\"og:site_name\" content=\"urbanpresents\" \/>\n\t\t<meta property=\"og:type\" content=\"article\" \/>\n\t\t<meta property=\"og:title\" content=\"Planned for Demolition II \u2014 Group Exhibition | URBANPRESENTS\" \/>\n\t\t<meta property=\"og:description\" content=\"Planned for Demolition II A moment in the cycle of destruction and creation. For the second edition of Planned for Demolition, presented by WALLIN&#039;, the former Van Laere industrial site becomes a temporary playground for artists from all over. A former office building and production site are being given a final purpose before redevelopment: the\" \/>\n\t\t<meta property=\"og:url\" content=\"https:\/\/www.urbanpresents.net\/en\/events\/planned-for-demolition-ii-group-exhibition\/\" \/>\n\t\t<meta property=\"fb:admins\" content=\"393988637443703\" \/>\n\t\t<meta property=\"og:image\" content=\"https:\/\/www.urbanpresents.net\/wp-content\/uploads\/2026\/09\/planned-for-demolition.jpg\" \/>\n\t\t<meta property=\"og:image:secure_url\" content=\"https:\/\/www.urbanpresents.net\/wp-content\/uploads\/2026\/09\/planned-for-demolition.jpg\" \/>\n\t\t<meta property=\"og:image:width\" content=\"1440\" \/>\n\t\t<meta property=\"og:image:height\" content=\"1740\" \/>\n\t\t<meta property=\"article:published_time\" content=\"2026-09-02T15:30:47+00:00\" \/>\n\t\t<meta property=\"article:modified_time\" content=\"2026-09-02T15:30:47+00:00\" \/>\n\t\t<meta property=\"article:publisher\" content=\"https:\/\/www.facebook.com\/urbanpresents.net\" \/>\n\t\t<meta name=\"twitter:card\" content=\"summary_large_image\" \/>\n\t\t<meta name=\"twitter:site\" content=\"@urbanpresents\" \/>\n\t\t<meta name=\"twitter:title\" content=\"Planned for Demolition II \u2014 Group Exhibition | URBANPRESENTS\" \/>\n\t\t<meta name=\"twitter:description\" content=\"Planned for Demolition II A moment in the cycle of destruction and creation. For the second edition of Planned for Demolition, presented by WALLIN&#039;, the former Van Laere industrial site becomes a temporary playground for artists from all over. A former office building and production site are being given a final purpose before redevelopment: the\" \/>\n\t\t<meta name=\"twitter:image\" content=\"https:\/\/www.urbanpresents.net\/wp-content\/uploads\/2026\/09\/planned-for-demolition.jpg\" \/>\n\t\t<script type=\"application\/ld+json\" class=\"aioseo-schema\">\n\t\t\t{\"@context\":\"https:\\\/\\\/schema.org\",\"@graph\":[{\"@type\":\"BreadcrumbList\",\"@id\":\"https:\\\/\\\/www.urbanpresents.net\\\/en\\\/events\\\/planned-for-demolition-ii-group-exhibition\\\/#breadcrumblist\",\"itemListElement\":[{\"@type\":\"ListItem\",\"@id\":\"https:\\\/\\\/www.urbanpresents.net\\\/en\\\/#listItem\",\"position\":1,\"name\":\"Home\",\"item\":\"https:\\\/\\\/www.urbanpresents.net\\\/en\\\/\",\"nextItem\":{\"@type\":\"ListItem\",\"@id\":\"https:\\\/\\\/www.urbanpresents.net\\\/en\\\/events\\\/#listItem\",\"name\":\"Events\"}},{\"@type\":\"ListItem\",\"@id\":\"https:\\\/\\\/www.urbanpresents.net\\\/en\\\/events\\\/#listItem\",\"position\":2,\"name\":\"Events\",\"item\":\"https:\\\/\\\/www.urbanpresents.net\\\/en\\\/events\\\/\",\"nextItem\":{\"@type\":\"ListItem\",\"@id\":\"https:\\\/\\\/www.urbanpresents.net\\\/en\\\/calendar\\\/exhibition\\\/#listItem\",\"name\":\"Exhibition\"},\"previousItem\":{\"@type\":\"ListItem\",\"@id\":\"https:\\\/\\\/www.urbanpresents.net\\\/en\\\/#listItem\",\"name\":\"Home\"}},{\"@type\":\"ListItem\",\"@id\":\"https:\\\/\\\/www.urbanpresents.net\\\/en\\\/calendar\\\/exhibition\\\/#listItem\",\"position\":3,\"name\":\"Exhibition\",\"item\":\"https:\\\/\\\/www.urbanpresents.net\\\/en\\\/calendar\\\/exhibition\\\/\",\"nextItem\":{\"@type\":\"ListItem\",\"@id\":\"https:\\\/\\\/www.urbanpresents.net\\\/en\\\/events\\\/planned-for-demolition-ii-group-exhibition\\\/#listItem\",\"name\":\"Planned for Demolition II \\u2014 Group Exhibition\"},\"previousItem\":{\"@type\":\"ListItem\",\"@id\":\"https:\\\/\\\/www.urbanpresents.net\\\/en\\\/events\\\/#listItem\",\"name\":\"Events\"}},{\"@type\":\"ListItem\",\"@id\":\"https:\\\/\\\/www.urbanpresents.net\\\/en\\\/events\\\/planned-for-demolition-ii-group-exhibition\\\/#listItem\",\"position\":4,\"name\":\"Planned for Demolition II \\u2014 Group Exhibition\",\"previousItem\":{\"@type\":\"ListItem\",\"@id\":\"https:\\\/\\\/www.urbanpresents.net\\\/en\\\/calendar\\\/exhibition\\\/#listItem\",\"name\":\"Exhibition\"}}]},{\"@type\":\"Organization\",\"@id\":\"https:\\\/\\\/www.urbanpresents.net\\\/en\\\/#organization\",\"name\":\"UrbanPresents.net\",\"description\":\"URBANPRESENTS ist ein unabh\\u00e4ngiges Online-Magazin und visuelles Archiv f\\u00fcr Urban Art, Street Art, Graffiti und Urbex-Fotografie. Seit 2015 dokumentieren wir die fl\\u00fcchtige und transformative Kraft urbaner Kreativit\\u00e4t durch Fotoreportagen, K\\u00fcnstlerportr\\u00e4ts und Hintergrundberichte \\u2013 mit Fokus auf Berlin, NRW, K\\u00f6ln und internationale Hotspots.\",\"url\":\"https:\\\/\\\/www.urbanpresents.net\\\/en\\\/\",\"telephone\":\"+491773429074\",\"logo\":{\"@type\":\"ImageObject\",\"url\":\"https:\\\/\\\/www.urbanpresents.net\\\/wp-content\\\/uploads\\\/2026\\\/02\\\/UrbanPresents-8.png\",\"@id\":\"https:\\\/\\\/www.urbanpresents.net\\\/en\\\/events\\\/planned-for-demolition-ii-group-exhibition\\\/#organizationLogo\",\"width\":150,\"height\":150},\"image\":{\"@id\":\"https:\\\/\\\/www.urbanpresents.net\\\/en\\\/events\\\/planned-for-demolition-ii-group-exhibition\\\/#organizationLogo\"},\"sameAs\":[\"https:\\\/\\\/www.facebook.com\\\/urbanpresents.net\",\"https:\\\/\\\/www.instagram.com\\\/urbanpresents\",\"https:\\\/\\\/www.pinterest.de\\\/urbanpresents\\\/_created\\\/\",\"https:\\\/\\\/www.youtube.com\\\/channel\\\/UCjGeNX6jqsitUpOXAlu8ITg\"]},{\"@type\":\"Person\",\"@id\":\"https:\\\/\\\/www.urbanpresents.net\\\/en\\\/author\\\/kersavond\\\/#author\",\"url\":\"https:\\\/\\\/www.urbanpresents.net\\\/en\\\/author\\\/kersavond\\\/\",\"name\":\"Bart Van Kersavond\"},{\"@type\":\"WebPage\",\"@id\":\"https:\\\/\\\/www.urbanpresents.net\\\/en\\\/events\\\/planned-for-demolition-ii-group-exhibition\\\/#webpage\",\"url\":\"https:\\\/\\\/www.urbanpresents.net\\\/en\\\/events\\\/planned-for-demolition-ii-group-exhibition\\\/\",\"name\":\"Planned for Demolition II \\u2014 Group Exhibition | URBANPRESENTS\",\"description\":\"Planned for Demolition II A moment in the cycle of destruction and creation. For the second edition of Planned for Demolition, presented by WALLIN', the former Van Laere industrial site becomes a temporary playground for artists from all over. A former office building and production site are being given a final purpose before redevelopment: the\",\"inLanguage\":\"en-GB\",\"isPartOf\":{\"@id\":\"https:\\\/\\\/www.urbanpresents.net\\\/en\\\/#website\"},\"breadcrumb\":{\"@id\":\"https:\\\/\\\/www.urbanpresents.net\\\/en\\\/events\\\/planned-for-demolition-ii-group-exhibition\\\/#breadcrumblist\"},\"author\":{\"@id\":\"https:\\\/\\\/www.urbanpresents.net\\\/en\\\/author\\\/kersavond\\\/#author\"},\"creator\":{\"@id\":\"https:\\\/\\\/www.urbanpresents.net\\\/en\\\/author\\\/kersavond\\\/#author\"},\"image\":{\"@type\":\"ImageObject\",\"url\":\"https:\\\/\\\/www.urbanpresents.net\\\/wp-content\\\/uploads\\\/2026\\\/09\\\/planned-for-demolition.jpg\",\"@id\":\"https:\\\/\\\/www.urbanpresents.net\\\/en\\\/events\\\/planned-for-demolition-ii-group-exhibition\\\/#mainImage\",\"width\":1440,\"height\":1740},\"primaryImageOfPage\":{\"@id\":\"https:\\\/\\\/www.urbanpresents.net\\\/en\\\/events\\\/planned-for-demolition-ii-group-exhibition\\\/#mainImage\"},\"datePublished\":\"2026-09-02T17:30:47+02:00\",\"dateModified\":\"2026-09-02T17:30:47+02:00\"},{\"@type\":\"WebSite\",\"@id\":\"https:\\\/\\\/www.urbanpresents.net\\\/en\\\/#website\",\"url\":\"https:\\\/\\\/www.urbanpresents.net\\\/en\\\/\",\"name\":\"URBANPRESENTS\",\"description\":\"streetart \\\/ urbex \\\/ graffiti\",\"inLanguage\":\"en-GB\",\"publisher\":{\"@id\":\"https:\\\/\\\/www.urbanpresents.net\\\/en\\\/#organization\"}}]}\n\t\t<\/script>\n\t\t<!-- All in One SEO Pro -->\r\n\t\t<title>Planned for Demolition II \u2014 Group Exhibition | URBANPRESENTS<\/title>\n\n","aioseo_head_json":{"title":"Planned for Demolition II \u2014 Group Exhibition | URBANPRESENTS","description":"Planned for Demolition II A moment in the cycle of destruction and creation. For the second edition of Planned for Demolition, presented by WALLIN', the former Van Laere industrial site becomes a temporary playground for artists from all over. A former office building and production site are being given a final purpose before redevelopment: the","canonical_url":"https:\/\/www.urbanpresents.net\/en\/events\/planned-for-demolition-ii-group-exhibition\/","robots":"max-image-preview:large","keywords":"","webmasterTools":{"miscellaneous":""},"schema":{"@context":"https:\/\/schema.org","@graph":[{"@type":"BreadcrumbList","@id":"https:\/\/www.urbanpresents.net\/en\/events\/planned-for-demolition-ii-group-exhibition\/#breadcrumblist","itemListElement":[{"@type":"ListItem","@id":"https:\/\/www.urbanpresents.net\/en\/#listItem","position":1,"name":"Home","item":"https:\/\/www.urbanpresents.net\/en\/","nextItem":{"@type":"ListItem","@id":"https:\/\/www.urbanpresents.net\/en\/events\/#listItem","name":"Events"}},{"@type":"ListItem","@id":"https:\/\/www.urbanpresents.net\/en\/events\/#listItem","position":2,"name":"Events","item":"https:\/\/www.urbanpresents.net\/en\/events\/","nextItem":{"@type":"ListItem","@id":"https:\/\/www.urbanpresents.net\/en\/calendar\/exhibition\/#listItem","name":"Exhibition"},"previousItem":{"@type":"ListItem","@id":"https:\/\/www.urbanpresents.net\/en\/#listItem","name":"Home"}},{"@type":"ListItem","@id":"https:\/\/www.urbanpresents.net\/en\/calendar\/exhibition\/#listItem","position":3,"name":"Exhibition","item":"https:\/\/www.urbanpresents.net\/en\/calendar\/exhibition\/","nextItem":{"@type":"ListItem","@id":"https:\/\/www.urbanpresents.net\/en\/events\/planned-for-demolition-ii-group-exhibition\/#listItem","name":"Planned for Demolition II \u2014 Group Exhibition"},"previousItem":{"@type":"ListItem","@id":"https:\/\/www.urbanpresents.net\/en\/events\/#listItem","name":"Events"}},{"@type":"ListItem","@id":"https:\/\/www.urbanpresents.net\/en\/events\/planned-for-demolition-ii-group-exhibition\/#listItem","position":4,"name":"Planned for Demolition II \u2014 Group Exhibition","previousItem":{"@type":"ListItem","@id":"https:\/\/www.urbanpresents.net\/en\/calendar\/exhibition\/#listItem","name":"Exhibition"}}]},{"@type":"Organization","@id":"https:\/\/www.urbanpresents.net\/en\/#organization","name":"UrbanPresents.net","description":"URBANPRESENTS ist ein unabh\u00e4ngiges Online-Magazin und visuelles Archiv f\u00fcr Urban Art, Street Art, Graffiti und Urbex-Fotografie. Seit 2015 dokumentieren wir die fl\u00fcchtige und transformative Kraft urbaner Kreativit\u00e4t durch Fotoreportagen, K\u00fcnstlerportr\u00e4ts und Hintergrundberichte \u2013 mit Fokus auf Berlin, NRW, K\u00f6ln und internationale Hotspots.","url":"https:\/\/www.urbanpresents.net\/en\/","telephone":"+491773429074","logo":{"@type":"ImageObject","url":"https:\/\/www.urbanpresents.net\/wp-content\/uploads\/2026\/02\/UrbanPresents-8.png","@id":"https:\/\/www.urbanpresents.net\/en\/events\/planned-for-demolition-ii-group-exhibition\/#organizationLogo","width":150,"height":150},"image":{"@id":"https:\/\/www.urbanpresents.net\/en\/events\/planned-for-demolition-ii-group-exhibition\/#organizationLogo"},"sameAs":["https:\/\/www.facebook.com\/urbanpresents.net","https:\/\/www.instagram.com\/urbanpresents","https:\/\/www.pinterest.de\/urbanpresents\/_created\/","https:\/\/www.youtube.com\/channel\/UCjGeNX6jqsitUpOXAlu8ITg"]},{"@type":"Person","@id":"https:\/\/www.urbanpresents.net\/en\/author\/kersavond\/#author","url":"https:\/\/www.urbanpresents.net\/en\/author\/kersavond\/","name":"Bart Van Kersavond"},{"@type":"WebPage","@id":"https:\/\/www.urbanpresents.net\/en\/events\/planned-for-demolition-ii-group-exhibition\/#webpage","url":"https:\/\/www.urbanpresents.net\/en\/events\/planned-for-demolition-ii-group-exhibition\/","name":"Planned for Demolition II \u2014 Group Exhibition | URBANPRESENTS","description":"Planned for Demolition II A moment in the cycle of destruction and creation. For the second edition of Planned for Demolition, presented by WALLIN', the former Van Laere industrial site becomes a temporary playground for artists from all over. A former office building and production site are being given a final purpose before redevelopment: the","inLanguage":"en-GB","isPartOf":{"@id":"https:\/\/www.urbanpresents.net\/en\/#website"},"breadcrumb":{"@id":"https:\/\/www.urbanpresents.net\/en\/events\/planned-for-demolition-ii-group-exhibition\/#breadcrumblist"},"author":{"@id":"https:\/\/www.urbanpresents.net\/en\/author\/kersavond\/#author"},"creator":{"@id":"https:\/\/www.urbanpresents.net\/en\/author\/kersavond\/#author"},"image":{"@type":"ImageObject","url":"https:\/\/www.urbanpresents.net\/wp-content\/uploads\/2026\/09\/planned-for-demolition.jpg","@id":"https:\/\/www.urbanpresents.net\/en\/events\/planned-for-demolition-ii-group-exhibition\/#mainImage","width":1440,"height":1740},"primaryImageOfPage":{"@id":"https:\/\/www.urbanpresents.net\/en\/events\/planned-for-demolition-ii-group-exhibition\/#mainImage"},"datePublished":"2026-09-02T17:30:47+02:00","dateModified":"2026-09-02T17:30:47+02:00"},{"@type":"WebSite","@id":"https:\/\/www.urbanpresents.net\/en\/#website","url":"https:\/\/www.urbanpresents.net\/en\/","name":"URBANPRESENTS","description":"streetart \/ urbex \/ graffiti","inLanguage":"en-GB","publisher":{"@id":"https:\/\/www.urbanpresents.net\/en\/#organization"}}]},"og:locale":"en_GB","og:site_name":"urbanpresents","og:type":"article","og:title":"Planned for Demolition II \u2014 Group Exhibition | URBANPRESENTS","og:description":"Planned for Demolition II A moment in the cycle of destruction and creation. For the second edition of Planned for Demolition, presented by WALLIN', the former Van Laere industrial site becomes a temporary playground for artists from all over. A former office building and production site are being given a final purpose before redevelopment: the","og:url":"https:\/\/www.urbanpresents.net\/en\/events\/planned-for-demolition-ii-group-exhibition\/","fb:admins":"393988637443703","og:image":"https:\/\/www.urbanpresents.net\/wp-content\/uploads\/2026\/09\/planned-for-demolition.jpg","og:image:secure_url":"https:\/\/www.urbanpresents.net\/wp-content\/uploads\/2026\/09\/planned-for-demolition.jpg","og:image:width":1440,"og:image:height":1740,"article:published_time":"2026-09-02T15:30:47+00:00","article:modified_time":"2026-09-02T15:30:47+00:00","article:publisher":"https:\/\/www.facebook.com\/urbanpresents.net","twitter:card":"summary_large_image","twitter:site":"@urbanpresents","twitter:title":"Planned for Demolition II \u2014 Group Exhibition | URBANPRESENTS","twitter:description":"Planned for Demolition II A moment in the cycle of destruction and creation. For the second edition of Planned for Demolition, presented by WALLIN', the former Van Laere industrial site becomes a temporary playground for artists from all over. A former office building and production site are being given a final purpose before redevelopment: the","twitter:image":"https:\/\/www.urbanpresents.net\/wp-content\/uploads\/2026\/09\/planned-for-demolition.jpg"},"aioseo_meta_data":{"post_id":"52381","title":null,"description":null,"keywords":null,"keyphrases":{"focus":{"keyphrase":"","score":0,"analysis":{"keyphraseInTitle":{"score":0,"maxScore":9,"error":1}}},"additional":[]},"primary_term":null,"canonical_url":null,"og_title":null,"og_description":null,"og_object_type":"default","og_image_type":"default","og_image_url":null,"og_image_width":null,"og_image_height":null,"og_image_custom_url":null,"og_image_custom_fields":null,"og_video":"","og_custom_url":null,"og_article_section":null,"og_article_tags":null,"twitter_use_og":false,"twitter_card":"default","twitter_image_type":"default","twitter_image_url":null,"twitter_image_custom_url":null,"twitter_image_custom_fields":null,"twitter_title":null,"twitter_description":null,"schema":{"blockGraphs":[],"customGraphs":[],"default":{"data":{"Article":[],"Course":[],"Dataset":[],"FAQPage":[],"Movie":[],"Person":[],"Product":[],"ProductReview":[],"Car":[],"Recipe":[],"Service":[],"SoftwareApplication":[],"WebPage":[]},"graphName":"WebPage","isEnabled":true},"graphs":[]},"schema_type":"default","schema_type_options":null,"pillar_content":false,"robots_default":true,"robots_noindex":false,"robots_noarchive":false,"robots_nosnippet":false,"robots_nofollow":false,"robots_noimageindex":false,"robots_noodp":false,"robots_notranslate":false,"robots_max_snippet":"-1","robots_max_videopreview":"-1","robots_max_imagepreview":"large","priority":null,"frequency":"default","location":null,"local_seo":null,"seo_analyzer_scan_date":"2026-09-02 15:32:57","breadcrumb_settings":null,"limit_modified_date":false,"open_ai":null,"ai":{"faqs":[],"keyPoints":[],"schemas":[],"titles":[],"descriptions":[],"socialPosts":{"email":{"subject":"","preview":"","content":""},"linkedin":[],"twitter":[],"facebook":[],"instagram":[]}},"created":"2026-09-02 15:23:43","updated":"2026-09-02 15:32:57","focus_keyword":null,"additional_keywords":null,"truseo_locale":null},"_links":{"self":[{"href":"https:\/\/www.urbanpresents.net\/en\/wp-json\/wp\/v2\/mec-events\/52381","targetHints":{"allow":["GET"]}}],"collection":[{"href":"https:\/\/www.urbanpresents.net\/en\/wp-json\/wp\/v2\/mec-events"}],"about":[{"href":"https:\/\/www.urbanpresents.net\/en\/wp-json\/wp\/v2\/types\/mec-events"}],"author":[{"embeddable":true,"href":"https:\/\/www.urbanpresents.net\/en\/wp-json\/wp\/v2\/users\/1"}],"replies":[{"embeddable":true,"href":"https:\/\/www.urbanpresents.net\/en\/wp-json\/wp\/v2\/comments?post=52381"}],"wp:featuredmedia":[{"embeddable":true,"href":"https:\/\/www.urbanpresents.net\/en\/wp-json\/wp\/v2\/media\/52382"}],"wp:attachment":[{"href":"https:\/\/www.urbanpresents.net\/en\/wp-json\/wp\/v2\/media?parent=52381"}],"wp:term":[{"taxonomy":"post_tag","embeddable":true,"href":"https:\/\/www.urbanpresents.net\/en\/wp-json\/wp\/v2\/tags?post=52381"},{"taxonomy":"mec_category","embeddable":true,"href":"https:\/\/www.urbanpresents.net\/en\/wp-json\/wp\/v2\/mec_category?post=52381"}],"curies":[{"name":"wp","href":"https:\/\/api.w.org\/{rel}","templated":true}]}}